{"id":7687,"date":"2025-01-22T12:31:05","date_gmt":"2025-01-22T11:31:05","guid":{"rendered":"https:\/\/monopolitourism.com\/wp-content\/uploads\/2025\/01\/giorno-della-memoria-2025-1.jpg"},"modified":"2025-01-22T12:32:02","modified_gmt":"2025-01-22T11:32:02","slug":"giorno-della-memoria-2025-1-2","status":"inherit","type":"attachment","link":"https:\/\/monopolitourism.com\/en\/giorno-della-memoria-2025-1-2\/","title":{"rendered":"giorno della memoria 2025 (1)"},"author":12,"comment_status":"closed","ping_status":"closed","template":"","meta":[],"acf":[],"description":{"rendered":"<p class=\"attachment\"><a href='https:\/\/monopolitourism.com\/wp-content\/uploads\/2025\/01\/giorno-della-memoria-2025-1.jpg'><img width=\"300\" height=\"300\" src=\"https:\/\/monopolitourism.com\/wp-content\/uploads\/2025\/01\/giorno-della-memoria-2025-1.jpg\" class=\"attachment-medium size-medium\" alt=\"Giorno della Memoria 2025\" decoding=\"async\" loading=\"lazy\" \/><\/a><\/p>\n<p>Giorno della Memoria 2025<\/p>\n<!-- Begin Yuzo --><div class='yuzo_related_post style-2'  data-version='5.12.82'><!-- without result --><div class='yuzo_clearfixed yuzo__title yuzo__title'><h4>Potrebbe interessarti...<\/h4><\/div>\n\t\t\t\t\t\t<div class=\"relatedthumb yuzo-list  \" style=\"\"  >  \n\t\t\t\t\t\t  <a  href=\"https:\/\/monopolitourism.com\/en\/2021\/06\/09\/phest-2020-tuning-the-dawn\/\" class=\"image-list\"  >\n\t\t\t\t\t\t  <div class=\"yuzo-img-wrap  ilen_shine \" style=\"width: 165px;height:130px;\">\n\t\t\t\t\t\t\t\t\t <span class='shine-effect'><\/span> \n\t\t\t\t\t\t\t\t\t <div class=\"yuzo-img\" style=\"background:url('https:\/\/www.monopolitourism.com\/wp-content\/plugins\/yuzo-related-post\/assets\/images\/default.png') 50% 50% no-repeat;width: 170px;height:130px;margin-bottom: 5px;background-size:  cover;  \"><\/div>\n\t\t\t\t\t\t  <\/div>\n\t\t\t\t\t\t  <\/a>\n\t\t\t\t\t\t  <a  class=\"link-list yuzo__text--title\" href=\"https:\/\/monopolitourism.com\/en\/2021\/06\/09\/phest-2020-tuning-the-dawn\/\" style=\"font-size:16px;font-weight:bold;;line-height:24px;\"> PhEST 2020 \u2013 Tuning The Dawn  <\/a>\n\t\t\t\t\t\t\t\t<span class=\"yuzo_text\" style=\"font-size:12px;\" ><\/span>\n\t\t\t\t\t\t   \n\t\t\t\t\t\t<\/div>\n\t\t\t\t\t\t<div class=\"relatedthumb yuzo-list  \" style=\"\"  >  \n\t\t\t\t\t\t  <a  href=\"https:\/\/monopolitourism.com\/en\/2021\/06\/04\/unbelievable-but-true-monopolinme\/\" class=\"image-list\"  >\n\t\t\t\t\t\t  <div class=\"yuzo-img-wrap  ilen_shine \" style=\"width: 165px;height:130px;\">\n\t\t\t\t\t\t\t\t\t <span class='shine-effect'><\/span> \n\t\t\t\t\t\t\t\t\t <div class=\"yuzo-img\" style=\"background:url('https:\/\/www.monopolitourism.com\/wp-content\/plugins\/yuzo-related-post\/assets\/images\/default.png') 50% 50% no-repeat;width: 170px;height:130px;margin-bottom: 5px;background-size:  cover;  \"><\/div>\n\t\t\t\t\t\t  <\/div>\n\t\t\t\t\t\t  <\/a>\n\t\t\t\t\t\t  <a  class=\"link-list yuzo__text--title\" href=\"https:\/\/monopolitourism.com\/en\/2021\/06\/04\/unbelievable-but-true-monopolinme\/\" style=\"font-size:16px;font-weight:bold;;line-height:24px;\"> Unbelievable but true \u2013 #Monopolinme  <\/a>\n\t\t\t\t\t\t\t\t<span class=\"yuzo_text\" style=\"font-size:12px;\" ><\/span>\n\t\t\t\t\t\t   \n\t\t\t\t\t\t<\/div>\n\t\t\t\t\t\t<div class=\"relatedthumb yuzo-list  \" style=\"\"  >  \n\t\t\t\t\t\t  <a  href=\"https:\/\/monopolitourism.com\/en\/2016\/05\/04\/15-settembre-30-ottobre-phest\/\" class=\"image-list\"  >\n\t\t\t\t\t\t  <div class=\"yuzo-img-wrap  ilen_shine \" style=\"width: 165px;height:130px;\">\n\t\t\t\t\t\t\t\t\t <span class='shine-effect'><\/span> \n\t\t\t\t\t\t\t\t\t <div class=\"yuzo-img\" style=\"background:url('https:\/\/monopolitourism.com\/wp-content\/uploads\/2016\/05\/phest-300x200.jpg') 50% 50% no-repeat;width: 170px;height:130px;margin-bottom: 5px;background-size:  cover;  \"><\/div>\n\t\t\t\t\t\t  <\/div>\n\t\t\t\t\t\t  <\/a>\n\t\t\t\t\t\t  <a  class=\"link-list yuzo__text--title\" href=\"https:\/\/monopolitourism.com\/en\/2016\/05\/04\/15-settembre-30-ottobre-phest\/\" style=\"font-size:16px;font-weight:bold;;line-height:24px;\"> 15 settembre \/ 30 ottobre \u2013 PhEST  <\/a>\n\t\t\t\t\t\t\t\t<span class=\"yuzo_text\" style=\"font-size:12px;\" >PhEST:\u00a0una\u00a0festa\u00a0della\u00a0fotografia\u00a0a\u00a0Monopoli\r\n\r\n15 settembre -\u00a030 ottobre \/ Castello di Monopoli\r\n\r\nPhEST \u00e8 una festa internazionale della fotografia (Photography) che guarda a EST a partire dal punto di vista privilegiato di Monopoli. La prima edizione di quello che diventer\u00e0 un appuntamento fisso per la citt\u00e0 \u00e8 prevista dal 15 settembre al 30 ott...<\/span>\n\t\t\t\t\t\t   \n\t\t\t\t\t\t<\/div>\n\t\t\t\t\t\t<div class=\"relatedthumb yuzo-list  \" style=\"\"  >  \n\t\t\t\t\t\t  <a  href=\"https:\/\/monopolitourism.com\/en\/2021\/09\/09\/costa-dei-trulli-festival-3a-edizione-2021-gigi-dalessio-in-concerto\/\" class=\"image-list\"  >\n\t\t\t\t\t\t  <div class=\"yuzo-img-wrap  ilen_shine \" style=\"width: 165px;height:130px;\">\n\t\t\t\t\t\t\t\t\t <span class='shine-effect'><\/span> \n\t\t\t\t\t\t\t\t\t <div class=\"yuzo-img\" style=\"background:url('https:\/\/www.monopolitourism.com\/wp-content\/plugins\/yuzo-related-post\/assets\/images\/default.png') 50% 50% no-repeat;width: 170px;height:130px;margin-bottom: 5px;background-size:  cover;  \"><\/div>\n\t\t\t\t\t\t  <\/div>\n\t\t\t\t\t\t  <\/a>\n\t\t\t\t\t\t  <a  class=\"link-list yuzo__text--title\" href=\"https:\/\/monopolitourism.com\/en\/2021\/09\/09\/costa-dei-trulli-festival-3a-edizione-2021-gigi-dalessio-in-concerto\/\" style=\"font-size:16px;font-weight:bold;;line-height:24px;\"> Costa dei Trulli Festival \u2013 3a edizione \u2013 20...  <\/a>\n\t\t\t\t\t\t\t\t<span class=\"yuzo_text\" style=\"font-size:12px;\" ><\/span>\n\t\t\t\t\t\t   \n\t\t\t\t\t\t<\/div>\n<\/div> <style>\n\t\t\t\t\t\t.yuzo_related_post .relatedthumb { background: !important; -webkit-transition: background 0.2s linear; -moz-transition: background 0.2s linear; -o-transition: background 0.2s linear; transition: background 0.2s linear;;color:!important; }\n\t\t\t\t\t\t.yuzo_related_post .relatedthumb:hover{background:#f7f7f7 !important;color:!important;}\n\t\t\t\t\t\t.yuzo_related_post .yuzo_text {color:!important;}\n\t\t\t\t\t\t.yuzo_related_post .relatedthumb:hover .yuzo_text {color:!important;}\n\t\t\t\t\t\t.yuzo_related_post .relatedthumb a{color:!important;}\n\t\t\t\t\t\t.yuzo_related_post .relatedthumb a:hover{color:!important;}\n\t\t\t\t\t\t.yuzo_related_post .relatedthumb:hover a{ color:!important;}\n\t\t\t\t\t\t.yuzo_related_post .relatedthumb{  margin: 0px  0px  0px  0px;   padding: 20px  5px  5px  5px;  }\n\t\t\t\t\t\t.yuzo_related_post .relatedthumb{}\n\t\t\t\t\t\t<\/style>  <!-- End Yuzo :) -->"},"caption":{"rendered":"<p>Giorno della Memoria 2025<\/p>\n"},"alt_text":"Giorno della Memoria 2025","media_type":"image","mime_type":"image\/jpeg","media_details":{"width":1080,"height":1080,"file":"2025\/01\/giorno-della-memoria-2025-1.jpg","filesize":169978,"sizes":{},"image_meta":{"aperture":"0","credit":"","camera":"","caption":"","created_timestamp":"0","copyright":"","focal_length":"0","iso":"0","shutter_speed":"0","title":"","orientation":"1","keywords":[]}},"post":null,"source_url":"https:\/\/monopolitourism.com\/wp-content\/uploads\/2025\/01\/giorno-della-memoria-2025-1.jpg","_links":{"self":[{"href":"https:\/\/monopolitourism.com\/en\/wp-json\/wp\/v2\/media\/7687"}],"collection":[{"href":"https:\/\/monopolitourism.com\/en\/wp-json\/wp\/v2\/media"}],"about":[{"href":"https:\/\/monopolitourism.com\/en\/wp-json\/wp\/v2\/types\/attachment"}],"author":[{"embeddable":true,"href":"https:\/\/monopolitourism.com\/en\/wp-json\/wp\/v2\/users\/12"}],"replies":[{"embeddable":true,"href":"https:\/\/monopolitourism.com\/en\/wp-json\/wp\/v2\/comments?post=7687"}]}}